{"id":30,"date":"2014-05-06T11:11:24","date_gmt":"2014-05-06T10:11:24","guid":{"rendered":"http:\/\/www.lovauto.fr\/?page_id=30"},"modified":"2017-02-06T12:10:33","modified_gmt":"2017-02-06T11:10:33","slug":"vehicules-tourisme","status":"publish","type":"page","link":"https:\/\/lovauto.fr\/?page_id=30","title":{"rendered":"V\u00e9hicules tourisme"},"content":{"rendered":"\n<style type=\"text\/css\" data-created_by=\"avia_inline_auto\" id=\"style-css-av-av_heading-d0bc3bfe2b19a38fa952643ecfc26c6b\">\n#top .av-special-heading.av-av_heading-d0bc3bfe2b19a38fa952643ecfc26c6b{\npadding-bottom:30px;\n}\nbody .av-special-heading.av-av_heading-d0bc3bfe2b19a38fa952643ecfc26c6b .av-special-heading-tag .heading-char{\nfont-size:25px;\n}\n.av-special-heading.av-av_heading-d0bc3bfe2b19a38fa952643ecfc26c6b .av-subheading{\nfont-size:15px;\n}\n<\/style>\n<div  class='av-special-heading av-av_heading-d0bc3bfe2b19a38fa952643ecfc26c6b av-special-heading-h1  avia-builder-el-0  el_before_av_one_third  avia-builder-el-first '><h1 class='av-special-heading-tag'  itemprop=\"headline\"  >Nos v\u00e9hicules tourisme et minibus<\/h1><div class=\"special-heading-border\"><div class=\"special-heading-inner-border\"><\/div><\/div><\/div>\n<div  class='flex_column av-av_one_third-2a9015ff38129c418a3f2eafba3e9512 av_one_third  avia-builder-el-1  el_after_av_heading  el_before_av_two_third  first flex_column_div  '     ><p>\n<style type=\"text\/css\" data-created_by=\"avia_inline_auto\" id=\"style-css-av-av_heading-b9227133ae0962a8fe655c6d6d4e68ca\">\n#top .av-special-heading.av-av_heading-b9227133ae0962a8fe655c6d6d4e68ca{\npadding-bottom:10px;\n}\nbody .av-special-heading.av-av_heading-b9227133ae0962a8fe655c6d6d4e68ca .av-special-heading-tag .heading-char{\nfont-size:25px;\n}\n.av-special-heading.av-av_heading-b9227133ae0962a8fe655c6d6d4e68ca .av-subheading{\nfont-size:12px;\n}\n<\/style>\n<div  class='av-special-heading av-av_heading-b9227133ae0962a8fe655c6d6d4e68ca av-special-heading-h4 blockquote modern-quote  avia-builder-el-2  el_before_av_image  avia-builder-el-first '><h4 class='av-special-heading-tag'  itemprop=\"headline\"  >GAMME \u00c9CONOMIQUE<\/h4><div class='av-subheading av-subheading_below'><p>RENAULT TWINGO OU \u00c9QUIVALENT<\/p>\n<\/div><div class=\"special-heading-border\"><div class=\"special-heading-inner-border\"><\/div><\/div><\/div><br \/>\n\n<style type=\"text\/css\" data-created_by=\"avia_inline_auto\" id=\"style-css-av-av_image-f79147687e671efb991fb28650a01a78\">\n.avia-image-container.av-av_image-f79147687e671efb991fb28650a01a78 img.avia_image{\nbox-shadow:none;\n}\n.avia-image-container.av-av_image-f79147687e671efb991fb28650a01a78 .av-image-caption-overlay-center{\ncolor:#ffffff;\n}\n<\/style>\n<div  class='avia-image-container av-av_image-f79147687e671efb991fb28650a01a78 av-styling- avia-align-center  avia-builder-el-3  el_after_av_heading  avia-builder-el-last '   itemprop=\"image\" itemscope=\"itemscope\" itemtype=\"https:\/\/schema.org\/ImageObject\" ><div class=\"avia-image-container-inner\"><div class=\"avia-image-overlay-wrap\"><img fetchpriority=\"high\" class='wp-image-3244 avia-img-lazy-loading-not-3244 avia_image ' src='https:\/\/lovauto.fr\/wp-content\/uploads\/2014\/05\/renault-twingo-1.png' alt='' title='renault-twingo'  height=\"250\" width=\"301\"  itemprop=\"thumbnailUrl\"  \/><\/div><\/div><\/div><\/p><\/div>\n\n<style type=\"text\/css\" data-created_by=\"avia_inline_auto\" id=\"style-css-av-av_two_third-2a64de42b738552fe666ca889af77e28\">\n.flex_column.av-av_two_third-2a64de42b738552fe666ca889af77e28{\nborder-radius:0px 0px 0px 0px;\npadding:0px 0px 0px 0px;\n}\n<\/style>\n<div  class='flex_column av-av_two_third-2a64de42b738552fe666ca889af77e28 av_two_third  avia-builder-el-4  el_after_av_one_third  el_before_av_hr  flex_column_div av-zero-column-padding  '     ><p><section  class='av_textblock_section av-av_textblock-5423793a0e82d2455362b4eba580b48d '   itemscope=\"itemscope\" itemtype=\"https:\/\/schema.org\/CreativeWork\" ><div class='avia_textblock'  itemprop=\"text\" ><p><strong>\u00c9nergie \u203a<\/strong> Essence<br \/>\n<strong>Nombre de places \u203a<\/strong> 4<br \/>\n<strong>Nombre de portes \u203a<\/strong> 3<br \/>\n<strong>Bo\u00eete de vitesse \u203a <\/strong>Manuelle<br \/>\n<strong>Climatisation \u203a<\/strong> Oui<\/p>\n<p><strong>Tarif journ\u00e9e \u203a<\/strong> 29,00 \u20ac TTC <em>(200 Kms inclus)<\/em><br \/>\n<strong>Tarif week-end \u203a<\/strong> 92,00 \u20ac TTC <em>(500 Kms inclus)<\/em><br \/>\n<div  class='avia-button-wrap av-av_button-199e59cbe6bd749501711e50066e6a96-wrap avia-button-left  avia-builder-el-6  avia-builder-el-no-sibling '><a href='http:\/\/www.lovauto.fr\/nos-agences\/'  class='avia-button av-av_button-199e59cbe6bd749501711e50066e6a96 av-link-btn avia-icon_select-no avia-size-small avia-position-left avia-color-theme-color'  ><span class='avia_iconbox_title' >R\u00e9servez en agence<\/span><\/a><\/div><br \/>\n<code><\/code><\/p>\n<\/div><\/section><br \/>\n<div  class='avia-button-wrap av-av_button-c9e7b05373f4c046e840a84b4c93ceb5-wrap avia-button-left  avia-builder-el-7  el_after_av_textblock  avia-builder-el-last '>\n<style type=\"text\/css\" data-created_by=\"avia_inline_auto\" id=\"style-css-av-av_button-c9e7b05373f4c046e840a84b4c93ceb5\">\n#top #wrap_all .avia-button.av-av_button-c9e7b05373f4c046e840a84b4c93ceb5{\nbackground-color:#ffffff;\nborder-color:#ffffff;\ncolor:#444444;\ntransition:all 0.4s ease-in-out;\n}\n<\/style>\n<a href='https:\/\/lovauto.fr\/?page_id=21'  class='avia-button av-av_button-c9e7b05373f4c046e840a84b4c93ceb5 av-link-btn avia-icon_select-no avia-size-medium avia-position-left'  ><span class='avia_iconbox_title' >Demandez un devis<\/span><\/a><\/div><\/p><\/div>\n<div  class='hr av-av_hr-d3021aff4e2c88ff75459fd6b3a45a12 hr-default  avia-builder-el-8  el_after_av_two_third  el_before_av_one_third '><span class='hr-inner '><span class=\"hr-inner-style\"><\/span><\/span><\/div>\n<div  class='flex_column av-av_one_third-2a9015ff38129c418a3f2eafba3e9512 av_one_third  avia-builder-el-9  el_after_av_hr  el_before_av_two_third  first flex_column_div  '     ><p>\n<style type=\"text\/css\" data-created_by=\"avia_inline_auto\" id=\"style-css-av-av_heading-e1433730e5f4e9ace444f1316b58edb6\">\n#top .av-special-heading.av-av_heading-e1433730e5f4e9ace444f1316b58edb6{\npadding-bottom:10px;\n}\nbody .av-special-heading.av-av_heading-e1433730e5f4e9ace444f1316b58edb6 .av-special-heading-tag .heading-char{\nfont-size:25px;\n}\n.av-special-heading.av-av_heading-e1433730e5f4e9ace444f1316b58edb6 .av-subheading{\nfont-size:12px;\n}\n<\/style>\n<div  class='av-special-heading av-av_heading-e1433730e5f4e9ace444f1316b58edb6 av-special-heading-h4 blockquote modern-quote  avia-builder-el-10  el_before_av_image  avia-builder-el-first '><h4 class='av-special-heading-tag'  itemprop=\"headline\"  >GAMME CITADINE<\/h4><div class='av-subheading av-subheading_below'><p>RENAULT CLIO OU \u00c9QUIVALENT<\/p>\n<\/div><div class=\"special-heading-border\"><div class=\"special-heading-inner-border\"><\/div><\/div><\/div><br \/>\n\n<style type=\"text\/css\" data-created_by=\"avia_inline_auto\" id=\"style-css-av-av_image-fdf967edf69e3a6d90d2f17561c6d60e\">\n.avia-image-container.av-av_image-fdf967edf69e3a6d90d2f17561c6d60e img.avia_image{\nbox-shadow:none;\n}\n.avia-image-container.av-av_image-fdf967edf69e3a6d90d2f17561c6d60e .av-image-caption-overlay-center{\ncolor:#ffffff;\n}\n<\/style>\n<div  class='avia-image-container av-av_image-fdf967edf69e3a6d90d2f17561c6d60e av-styling- avia-align-center  avia-builder-el-11  el_after_av_heading  avia-builder-el-last '   itemprop=\"image\" itemscope=\"itemscope\" itemtype=\"https:\/\/schema.org\/ImageObject\" ><div class=\"avia-image-container-inner\"><div class=\"avia-image-overlay-wrap\"><img fetchpriority=\"high\" class='wp-image-3352 avia-img-lazy-loading-not-3352 avia_image ' src='https:\/\/lovauto.fr\/wp-content\/uploads\/2014\/05\/clio2017-1.png' alt='' title='Renault clio 2017'  height=\"250\" width=\"300\"  itemprop=\"thumbnailUrl\"  \/><\/div><\/div><\/div><\/p><\/div>\n\n<style type=\"text\/css\" data-created_by=\"avia_inline_auto\" id=\"style-css-av-av_two_third-2a64de42b738552fe666ca889af77e28\">\n.flex_column.av-av_two_third-2a64de42b738552fe666ca889af77e28{\nborder-radius:0px 0px 0px 0px;\npadding:0px 0px 0px 0px;\n}\n<\/style>\n<div  class='flex_column av-av_two_third-2a64de42b738552fe666ca889af77e28 av_two_third  avia-builder-el-12  el_after_av_one_third  el_before_av_hr  flex_column_div av-zero-column-padding  '     ><p><section  class='av_textblock_section av-av_textblock-5423793a0e82d2455362b4eba580b48d '   itemscope=\"itemscope\" itemtype=\"https:\/\/schema.org\/CreativeWork\" ><div class='avia_textblock'  itemprop=\"text\" ><p><strong>\u00c9nergie \u203a<\/strong> Essence ou Diesel<br \/>\n<strong>Nombre de places \u203a <\/strong>5<br \/>\n<strong>Nombre de portes \u203a<\/strong> 5<br \/>\n<strong>Bo\u00eete de vitesse \u203a <\/strong>Manuelle ou Automatique<br \/>\n<strong>Climatisation \u203a<\/strong> Oui<\/p>\n<p><strong>Tarif journ\u00e9e \u203a<\/strong> 52,00 \u20ac TTC <em>(250 Kms inclus)<\/em><br \/>\n<strong>Tarif week-end \u203a<\/strong> 108,00 \u20ac TTC <em>(800 Kms inclus)<\/em><br \/>\n<div  class='avia-button-wrap av-av_button-138c87557f922d05f1f4f0361b0765fe-wrap avia-button-left  avia-builder-el-14  avia-builder-el-no-sibling '><a href='http:\/\/www.lovauto.fr\/nos-agences\/'  class='avia-button av-av_button-138c87557f922d05f1f4f0361b0765fe av-link-btn avia-icon_select-no avia-size-small avia-position-left avia-color-theme-color'  ><span class='avia_iconbox_title' >Reservez en agence<\/span><\/a><\/div><br \/>\n<code><\/code><\/p>\n<\/div><\/section><br \/>\n<div  class='avia-button-wrap av-av_button-c9e7b05373f4c046e840a84b4c93ceb5-wrap avia-button-left  avia-builder-el-15  el_after_av_textblock  avia-builder-el-last '>\n<style type=\"text\/css\" data-created_by=\"avia_inline_auto\" id=\"style-css-av-av_button-c9e7b05373f4c046e840a84b4c93ceb5\">\n#top #wrap_all .avia-button.av-av_button-c9e7b05373f4c046e840a84b4c93ceb5{\nbackground-color:#ffffff;\nborder-color:#ffffff;\ncolor:#444444;\ntransition:all 0.4s ease-in-out;\n}\n<\/style>\n<a href='https:\/\/lovauto.fr\/?page_id=21'  class='avia-button av-av_button-c9e7b05373f4c046e840a84b4c93ceb5 av-link-btn avia-icon_select-no avia-size-medium avia-position-left'  ><span class='avia_iconbox_title' >Demandez un devis<\/span><\/a><\/div><\/p><\/div>\n<div  class='hr av-av_hr-d3021aff4e2c88ff75459fd6b3a45a12 hr-default  avia-builder-el-16  el_after_av_two_third  el_before_av_one_third '><span class='hr-inner '><span class=\"hr-inner-style\"><\/span><\/span><\/div>\n<div  class='flex_column av-av_one_third-2a9015ff38129c418a3f2eafba3e9512 av_one_third  avia-builder-el-17  el_after_av_hr  el_before_av_two_third  first flex_column_div  '     ><p>\n<style type=\"text\/css\" data-created_by=\"avia_inline_auto\" id=\"style-css-av-av_heading-c9a14d2a3d113192daa0f126b294478e\">\n#top .av-special-heading.av-av_heading-c9a14d2a3d113192daa0f126b294478e{\npadding-bottom:10px;\n}\nbody .av-special-heading.av-av_heading-c9a14d2a3d113192daa0f126b294478e .av-special-heading-tag .heading-char{\nfont-size:25px;\n}\n.av-special-heading.av-av_heading-c9a14d2a3d113192daa0f126b294478e .av-subheading{\nfont-size:12px;\n}\n<\/style>\n<div  class='av-special-heading av-av_heading-c9a14d2a3d113192daa0f126b294478e av-special-heading-h4 blockquote modern-quote  avia-builder-el-18  el_before_av_image  avia-builder-el-first '><h4 class='av-special-heading-tag'  itemprop=\"headline\"  >GAMME COMPACTE<\/h4><div class='av-subheading av-subheading_below'><p>RENAULT CAPTUR OU \u00c9QUIVALENT<\/p>\n<\/div><div class=\"special-heading-border\"><div class=\"special-heading-inner-border\"><\/div><\/div><\/div><br \/>\n\n<style type=\"text\/css\" data-created_by=\"avia_inline_auto\" id=\"style-css-av-av_image-b580d15cca6e8b7cbb2594b98a9b9ead\">\n.avia-image-container.av-av_image-b580d15cca6e8b7cbb2594b98a9b9ead img.avia_image{\nbox-shadow:none;\n}\n.avia-image-container.av-av_image-b580d15cca6e8b7cbb2594b98a9b9ead .av-image-caption-overlay-center{\ncolor:#ffffff;\n}\n<\/style>\n<div  class='avia-image-container av-av_image-b580d15cca6e8b7cbb2594b98a9b9ead av-styling- avia-align-center  avia-builder-el-19  el_after_av_heading  avia-builder-el-last '   itemprop=\"image\" itemscope=\"itemscope\" itemtype=\"https:\/\/schema.org\/ImageObject\" ><div class=\"avia-image-container-inner\"><div class=\"avia-image-overlay-wrap\"><img fetchpriority=\"high\" class='wp-image-3345 avia-img-lazy-loading-not-3345 avia_image ' src='https:\/\/lovauto.fr\/wp-content\/uploads\/2017\/02\/Renault-Captur-2017.png' alt='' title='Renault-Captur-2017'  height=\"251\" width=\"301\"  itemprop=\"thumbnailUrl\"  \/><\/div><\/div><\/div><\/p><\/div>\n\n<style type=\"text\/css\" data-created_by=\"avia_inline_auto\" id=\"style-css-av-av_two_third-2a64de42b738552fe666ca889af77e28\">\n.flex_column.av-av_two_third-2a64de42b738552fe666ca889af77e28{\nborder-radius:0px 0px 0px 0px;\npadding:0px 0px 0px 0px;\n}\n<\/style>\n<div  class='flex_column av-av_two_third-2a64de42b738552fe666ca889af77e28 av_two_third  avia-builder-el-20  el_after_av_one_third  el_before_av_hr  flex_column_div av-zero-column-padding  '     ><p><section  class='av_textblock_section av-av_textblock-5423793a0e82d2455362b4eba580b48d '   itemscope=\"itemscope\" itemtype=\"https:\/\/schema.org\/CreativeWork\" ><div class='avia_textblock'  itemprop=\"text\" ><p><strong>\u00c9nergie \u203a<\/strong> Essence ou Diesel<br \/>\n<strong>Nombre de places \u203a<\/strong> 5<br \/>\n<strong>Nombre de portes \u203a<\/strong> 5<br \/>\n<strong>Bo\u00eete de vitesse \u203a <\/strong>Manuelle ou Automatique<br \/>\n<strong>Climatisation \u203a<\/strong> Oui<\/p>\n<p><strong>Tarif journ\u00e9e \u203a<\/strong> 69,00 \u20ac TTC <em>(250 Kms inclus)<\/em><br \/>\n<strong>Tarif week-end \u203a<\/strong> 129,00 \u20ac TTC <em>(800 Kms inclus)<\/em><br \/>\n<div  class='avia-button-wrap av-av_button-138c87557f922d05f1f4f0361b0765fe-wrap avia-button-left  avia-builder-el-22  avia-builder-el-no-sibling '><a href='http:\/\/www.lovauto.fr\/nos-agences\/'  class='avia-button av-av_button-138c87557f922d05f1f4f0361b0765fe av-link-btn avia-icon_select-no avia-size-small avia-position-left avia-color-theme-color'  ><span class='avia_iconbox_title' >Reservez en agence<\/span><\/a><\/div><br \/>\n<code><\/code><\/p>\n<\/div><\/section><br \/>\n<div  class='avia-button-wrap av-av_button-c9e7b05373f4c046e840a84b4c93ceb5-wrap avia-button-left  avia-builder-el-23  el_after_av_textblock  avia-builder-el-last '>\n<style type=\"text\/css\" data-created_by=\"avia_inline_auto\" id=\"style-css-av-av_button-c9e7b05373f4c046e840a84b4c93ceb5\">\n#top #wrap_all .avia-button.av-av_button-c9e7b05373f4c046e840a84b4c93ceb5{\nbackground-color:#ffffff;\nborder-color:#ffffff;\ncolor:#444444;\ntransition:all 0.4s ease-in-out;\n}\n<\/style>\n<a href='https:\/\/lovauto.fr\/?page_id=21'  class='avia-button av-av_button-c9e7b05373f4c046e840a84b4c93ceb5 av-link-btn avia-icon_select-no avia-size-medium avia-position-left'  ><span class='avia_iconbox_title' >Demandez un devis<\/span><\/a><\/div><\/p><\/div>\n<div  class='hr av-av_hr-d3021aff4e2c88ff75459fd6b3a45a12 hr-default  avia-builder-el-24  el_after_av_two_third  el_before_av_one_third '><span class='hr-inner '><span class=\"hr-inner-style\"><\/span><\/span><\/div>\n<div  class='flex_column av-av_one_third-2a9015ff38129c418a3f2eafba3e9512 av_one_third  avia-builder-el-25  el_after_av_hr  el_before_av_two_third  first flex_column_div  '     ><p>\n<style type=\"text\/css\" data-created_by=\"avia_inline_auto\" id=\"style-css-av-av_heading-391a564d90ab0532e7f0c4326ab30471\">\n#top .av-special-heading.av-av_heading-391a564d90ab0532e7f0c4326ab30471{\npadding-bottom:10px;\n}\nbody .av-special-heading.av-av_heading-391a564d90ab0532e7f0c4326ab30471 .av-special-heading-tag .heading-char{\nfont-size:25px;\n}\n.av-special-heading.av-av_heading-391a564d90ab0532e7f0c4326ab30471 .av-subheading{\nfont-size:12px;\n}\n<\/style>\n<div  class='av-special-heading av-av_heading-391a564d90ab0532e7f0c4326ab30471 av-special-heading-h4 blockquote modern-quote  avia-builder-el-26  el_before_av_image  avia-builder-el-first '><h4 class='av-special-heading-tag'  itemprop=\"headline\"  >GAMME CONFORT<\/h4><div class='av-subheading av-subheading_below'><p>RENAULT M\u00c9GANE OU \u00c9QUIVALENT<\/p>\n<\/div><div class=\"special-heading-border\"><div class=\"special-heading-inner-border\"><\/div><\/div><\/div><br \/>\n\n<style type=\"text\/css\" data-created_by=\"avia_inline_auto\" id=\"style-css-av-av_image-8195f5cacb5a503f1712dde00d060214\">\n.avia-image-container.av-av_image-8195f5cacb5a503f1712dde00d060214 img.avia_image{\nbox-shadow:none;\n}\n.avia-image-container.av-av_image-8195f5cacb5a503f1712dde00d060214 .av-image-caption-overlay-center{\ncolor:#ffffff;\n}\n<\/style>\n<div  class='avia-image-container av-av_image-8195f5cacb5a503f1712dde00d060214 av-styling- avia-align-center  avia-builder-el-27  el_after_av_heading  avia-builder-el-last '   itemprop=\"image\" itemscope=\"itemscope\" itemtype=\"https:\/\/schema.org\/ImageObject\" ><div class=\"avia-image-container-inner\"><div class=\"avia-image-overlay-wrap\"><img fetchpriority=\"high\" class='wp-image-3248 avia-img-lazy-loading-not-3248 avia_image ' src='https:\/\/lovauto.fr\/wp-content\/uploads\/2014\/05\/renault-megane.png' alt='' title='renault-megane'  height=\"250\" width=\"301\"  itemprop=\"thumbnailUrl\"  \/><\/div><\/div><\/div><\/p><\/div>\n\n<style type=\"text\/css\" data-created_by=\"avia_inline_auto\" id=\"style-css-av-av_two_third-2a64de42b738552fe666ca889af77e28\">\n.flex_column.av-av_two_third-2a64de42b738552fe666ca889af77e28{\nborder-radius:0px 0px 0px 0px;\npadding:0px 0px 0px 0px;\n}\n<\/style>\n<div  class='flex_column av-av_two_third-2a64de42b738552fe666ca889af77e28 av_two_third  avia-builder-el-28  el_after_av_one_third  el_before_av_hr  flex_column_div av-zero-column-padding  '     ><p><section  class='av_textblock_section av-av_textblock-0366cc7376be6c9e82a3e9cc8987b64f '   itemscope=\"itemscope\" itemtype=\"https:\/\/schema.org\/CreativeWork\" ><div class='avia_textblock'  itemprop=\"text\" ><p><strong>\u00c9nergie \u203a<\/strong> Essence ou Diesel<br \/>\n<strong>Nombre de places \u203a<\/strong> 5<br \/>\n<strong>Nombre de portes \u203a<\/strong> 5<br \/>\n<strong>Bo\u00eete de vitesse \u203a <\/strong>Manuelle ou Automatique<br \/>\n<strong>Climatisation \u203a<\/strong> Oui<\/p>\n<p><strong>Tarif journ\u00e9e \u203a<\/strong> 62,00 \u20ac TTC <em>(250 Kms inclus)<\/em><br \/>\n<strong>Tarif week-end \u203a<\/strong> 119,00\u20ac TTC <em>(800 Kms inclus)<\/em><br \/>\n<div  class='avia-button-wrap av-av_button-138c87557f922d05f1f4f0361b0765fe-wrap avia-button-left  avia-builder-el-30  avia-builder-el-no-sibling '><a href='http:\/\/www.lovauto.fr\/nos-agences\/'  class='avia-button av-av_button-138c87557f922d05f1f4f0361b0765fe av-link-btn avia-icon_select-no avia-size-small avia-position-left avia-color-theme-color'  ><span class='avia_iconbox_title' >Reservez en agence<\/span><\/a><\/div><br \/>\n<code><\/code><\/p>\n<\/div><\/section><br \/>\n<div  class='avia-button-wrap av-av_button-c9e7b05373f4c046e840a84b4c93ceb5-wrap avia-button-left  avia-builder-el-31  el_after_av_textblock  avia-builder-el-last '>\n<style type=\"text\/css\" data-created_by=\"avia_inline_auto\" id=\"style-css-av-av_button-c9e7b05373f4c046e840a84b4c93ceb5\">\n#top #wrap_all .avia-button.av-av_button-c9e7b05373f4c046e840a84b4c93ceb5{\nbackground-color:#ffffff;\nborder-color:#ffffff;\ncolor:#444444;\ntransition:all 0.4s ease-in-out;\n}\n<\/style>\n<a href='https:\/\/lovauto.fr\/?page_id=21'  class='avia-button av-av_button-c9e7b05373f4c046e840a84b4c93ceb5 av-link-btn avia-icon_select-no avia-size-medium avia-position-left'  ><span class='avia_iconbox_title' >Demandez un devis<\/span><\/a><\/div><\/p><\/div>\n<div  class='hr av-av_hr-d3021aff4e2c88ff75459fd6b3a45a12 hr-default  avia-builder-el-32  el_after_av_two_third  el_before_av_one_third '><span class='hr-inner '><span class=\"hr-inner-style\"><\/span><\/span><\/div>\n<div  class='flex_column av-av_one_third-2a9015ff38129c418a3f2eafba3e9512 av_one_third  avia-builder-el-33  el_after_av_hr  el_before_av_two_third  first flex_column_div  '     ><p>\n<style type=\"text\/css\" data-created_by=\"avia_inline_auto\" id=\"style-css-av-av_heading-319049c9ace2f74f10fbfd6739140534\">\n#top .av-special-heading.av-av_heading-319049c9ace2f74f10fbfd6739140534{\npadding-bottom:10px;\n}\nbody .av-special-heading.av-av_heading-319049c9ace2f74f10fbfd6739140534 .av-special-heading-tag .heading-char{\nfont-size:25px;\n}\n.av-special-heading.av-av_heading-319049c9ace2f74f10fbfd6739140534 .av-subheading{\nfont-size:12px;\n}\n<\/style>\n<div  class='av-special-heading av-av_heading-319049c9ace2f74f10fbfd6739140534 av-special-heading-h4 blockquote modern-quote  avia-builder-el-34  el_before_av_image  avia-builder-el-first '><h4 class='av-special-heading-tag'  itemprop=\"headline\"  >GAMME CROSSOVER<\/h4><div class='av-subheading av-subheading_below'><p>RENAULT KADJAR OU \u00c9QUIVALENT<\/p>\n<\/div><div class=\"special-heading-border\"><div class=\"special-heading-inner-border\"><\/div><\/div><\/div><br \/>\n\n<style type=\"text\/css\" data-created_by=\"avia_inline_auto\" id=\"style-css-av-av_image-d5ae6b31cc58ffbca2bb8417491a157e\">\n.avia-image-container.av-av_image-d5ae6b31cc58ffbca2bb8417491a157e img.avia_image{\nbox-shadow:none;\n}\n.avia-image-container.av-av_image-d5ae6b31cc58ffbca2bb8417491a157e .av-image-caption-overlay-center{\ncolor:#ffffff;\n}\n<\/style>\n<div  class='avia-image-container av-av_image-d5ae6b31cc58ffbca2bb8417491a157e av-styling- avia-align-center  avia-builder-el-35  el_after_av_heading  avia-builder-el-last '   itemprop=\"image\" itemscope=\"itemscope\" itemtype=\"https:\/\/schema.org\/ImageObject\" ><div class=\"avia-image-container-inner\"><div class=\"avia-image-overlay-wrap\"><img fetchpriority=\"high\" class='wp-image-3368 avia-img-lazy-loading-not-3368 avia_image ' src='https:\/\/lovauto.fr\/wp-content\/uploads\/2014\/05\/Renault-Kadjar.png' alt='' title='Renault-Kadjar'  height=\"250\" width=\"300\"  itemprop=\"thumbnailUrl\"  \/><\/div><\/div><\/div><\/p><\/div>\n\n<style type=\"text\/css\" data-created_by=\"avia_inline_auto\" id=\"style-css-av-av_two_third-2a64de42b738552fe666ca889af77e28\">\n.flex_column.av-av_two_third-2a64de42b738552fe666ca889af77e28{\nborder-radius:0px 0px 0px 0px;\npadding:0px 0px 0px 0px;\n}\n<\/style>\n<div  class='flex_column av-av_two_third-2a64de42b738552fe666ca889af77e28 av_two_third  avia-builder-el-36  el_after_av_one_third  el_before_av_hr  flex_column_div av-zero-column-padding  '     ><p><section  class='av_textblock_section av-av_textblock-0366cc7376be6c9e82a3e9cc8987b64f '   itemscope=\"itemscope\" itemtype=\"https:\/\/schema.org\/CreativeWork\" ><div class='avia_textblock'  itemprop=\"text\" ><p><strong>\u00c9nergie \u203a<\/strong> Essence ou Diesel<br \/>\n<strong>Nombre de places \u203a<\/strong> 5<br \/>\n<strong>Nombre de portes \u203a<\/strong> 5<br \/>\n<strong>Bo\u00eete de vitesse \u203a <\/strong>Manuelle ou Automatique<br \/>\n<strong>Climatisation \u203a<\/strong> Oui<\/p>\n<p><strong>Tarif journ\u00e9e \u203a<\/strong> &#8211; \u20ac TTC <em>(250 Kms inclus)<\/em><br \/>\n<strong>Tarif week-end \u203a<\/strong> &#8211; \u20ac TTC <em>(800 Kms inclus)<\/em><br \/>\n<div  class='avia-button-wrap av-av_button-138c87557f922d05f1f4f0361b0765fe-wrap avia-button-left  avia-builder-el-38  avia-builder-el-no-sibling '><a href='http:\/\/www.lovauto.fr\/nos-agences\/'  class='avia-button av-av_button-138c87557f922d05f1f4f0361b0765fe av-link-btn avia-icon_select-no avia-size-small avia-position-left avia-color-theme-color'  ><span class='avia_iconbox_title' >Reservez en agence<\/span><\/a><\/div><br \/>\n<code><\/code><\/p>\n<\/div><\/section><br \/>\n<div  class='avia-button-wrap av-av_button-c9e7b05373f4c046e840a84b4c93ceb5-wrap avia-button-left  avia-builder-el-39  el_after_av_textblock  avia-builder-el-last '>\n<style type=\"text\/css\" data-created_by=\"avia_inline_auto\" id=\"style-css-av-av_button-c9e7b05373f4c046e840a84b4c93ceb5\">\n#top #wrap_all .avia-button.av-av_button-c9e7b05373f4c046e840a84b4c93ceb5{\nbackground-color:#ffffff;\nborder-color:#ffffff;\ncolor:#444444;\ntransition:all 0.4s ease-in-out;\n}\n<\/style>\n<a href='https:\/\/lovauto.fr\/?page_id=21'  class='avia-button av-av_button-c9e7b05373f4c046e840a84b4c93ceb5 av-link-btn avia-icon_select-no avia-size-medium avia-position-left'  ><span class='avia_iconbox_title' >Demandez un devis<\/span><\/a><\/div><\/p><\/div>\n<div  class='hr av-av_hr-d3021aff4e2c88ff75459fd6b3a45a12 hr-default  avia-builder-el-40  el_after_av_two_third  el_before_av_one_third '><span class='hr-inner '><span class=\"hr-inner-style\"><\/span><\/span><\/div>\n<div  class='flex_column av-av_one_third-2a9015ff38129c418a3f2eafba3e9512 av_one_third  avia-builder-el-41  el_after_av_hr  el_before_av_two_third  first flex_column_div  '     ><p>\n<style type=\"text\/css\" data-created_by=\"avia_inline_auto\" id=\"style-css-av-av_heading-f60a0288770fd4a527f669dfe3f98177\">\n#top .av-special-heading.av-av_heading-f60a0288770fd4a527f669dfe3f98177{\npadding-bottom:10px;\n}\nbody .av-special-heading.av-av_heading-f60a0288770fd4a527f669dfe3f98177 .av-special-heading-tag .heading-char{\nfont-size:25px;\n}\n.av-special-heading.av-av_heading-f60a0288770fd4a527f669dfe3f98177 .av-subheading{\nfont-size:12px;\n}\n<\/style>\n<div  class='av-special-heading av-av_heading-f60a0288770fd4a527f669dfe3f98177 av-special-heading-h4 blockquote modern-quote  avia-builder-el-42  el_before_av_image  avia-builder-el-first '><h4 class='av-special-heading-tag'  itemprop=\"headline\"  >GAMME GRAND CONFORT<\/h4><div class='av-subheading av-subheading_below'><p>RENAULT TALISMAN OU \u00c9QUIVALENT<\/p>\n<\/div><div class=\"special-heading-border\"><div class=\"special-heading-inner-border\"><\/div><\/div><\/div><br \/>\n\n<style type=\"text\/css\" data-created_by=\"avia_inline_auto\" id=\"style-css-av-av_image-c184fa85424a893d4718497b3d4856ae\">\n.avia-image-container.av-av_image-c184fa85424a893d4718497b3d4856ae img.avia_image{\nbox-shadow:none;\n}\n.avia-image-container.av-av_image-c184fa85424a893d4718497b3d4856ae .av-image-caption-overlay-center{\ncolor:#ffffff;\n}\n<\/style>\n<div  class='avia-image-container av-av_image-c184fa85424a893d4718497b3d4856ae av-styling- avia-align-center  avia-builder-el-43  el_after_av_heading  avia-builder-el-last '   itemprop=\"image\" itemscope=\"itemscope\" itemtype=\"https:\/\/schema.org\/ImageObject\" ><div class=\"avia-image-container-inner\"><div class=\"avia-image-overlay-wrap\"><img fetchpriority=\"high\" class='wp-image-3356 avia-img-lazy-loading-not-3356 avia_image ' src='https:\/\/lovauto.fr\/wp-content\/uploads\/2014\/05\/renault-talisman.png' alt='' title='renault-talisman'  height=\"250\" width=\"301\"  itemprop=\"thumbnailUrl\"  \/><\/div><\/div><\/div><\/p><\/div>\n\n<style type=\"text\/css\" data-created_by=\"avia_inline_auto\" id=\"style-css-av-av_two_third-2a64de42b738552fe666ca889af77e28\">\n.flex_column.av-av_two_third-2a64de42b738552fe666ca889af77e28{\nborder-radius:0px 0px 0px 0px;\npadding:0px 0px 0px 0px;\n}\n<\/style>\n<div  class='flex_column av-av_two_third-2a64de42b738552fe666ca889af77e28 av_two_third  avia-builder-el-44  el_after_av_one_third  el_before_av_hr  flex_column_div av-zero-column-padding  '     ><p><section  class='av_textblock_section av-av_textblock-0366cc7376be6c9e82a3e9cc8987b64f '   itemscope=\"itemscope\" itemtype=\"https:\/\/schema.org\/CreativeWork\" ><div class='avia_textblock'  itemprop=\"text\" ><p><strong>\u00c9nergie \u203a<\/strong> Essence ou Diesel<br \/>\n<strong>Nombre de places \u203a <\/strong>5<br \/>\n<strong>Nombre de portes \u203a <\/strong>4<br \/>\n<strong>Bo\u00eete de vitesse \u203a <\/strong>Manuelle ou Automatique<br \/>\n<strong>Climatisation \u203a<\/strong> Oui<\/p>\n<p><strong>Tarif journ\u00e9e \u203a<\/strong> 122,00 \u20ac TTC <em>(250 Kms inclus)<\/em><br \/>\n<strong>Tarif week-end \u203a<\/strong> 192,00 \u20ac TTC <em>(800 Kms inclus)<\/em><br \/>\n<div  class='avia-button-wrap av-av_button-138c87557f922d05f1f4f0361b0765fe-wrap avia-button-left  avia-builder-el-46  avia-builder-el-no-sibling '><a href='http:\/\/www.lovauto.fr\/nos-agences\/'  class='avia-button av-av_button-138c87557f922d05f1f4f0361b0765fe av-link-btn avia-icon_select-no avia-size-small avia-position-left avia-color-theme-color'  ><span class='avia_iconbox_title' >Reservez en agence<\/span><\/a><\/div><br \/>\n<code><\/code><\/p>\n<\/div><\/section><br \/>\n<div  class='avia-button-wrap av-av_button-c9e7b05373f4c046e840a84b4c93ceb5-wrap avia-button-left  avia-builder-el-47  el_after_av_textblock  avia-builder-el-last '>\n<style type=\"text\/css\" data-created_by=\"avia_inline_auto\" id=\"style-css-av-av_button-c9e7b05373f4c046e840a84b4c93ceb5\">\n#top #wrap_all .avia-button.av-av_button-c9e7b05373f4c046e840a84b4c93ceb5{\nbackground-color:#ffffff;\nborder-color:#ffffff;\ncolor:#444444;\ntransition:all 0.4s ease-in-out;\n}\n<\/style>\n<a href='https:\/\/lovauto.fr\/?page_id=21'  class='avia-button av-av_button-c9e7b05373f4c046e840a84b4c93ceb5 av-link-btn avia-icon_select-no avia-size-medium avia-position-left'  ><span class='avia_iconbox_title' >Demandez un devis<\/span><\/a><\/div><\/p><\/div>\n<div  class='hr av-av_hr-d3021aff4e2c88ff75459fd6b3a45a12 hr-default  avia-builder-el-48  el_after_av_two_third  el_before_av_one_third '><span class='hr-inner '><span class=\"hr-inner-style\"><\/span><\/span><\/div>\n<div  class='flex_column av-av_one_third-2a9015ff38129c418a3f2eafba3e9512 av_one_third  avia-builder-el-49  el_after_av_hr  el_before_av_two_third  first flex_column_div  '     ><p>\n<style type=\"text\/css\" data-created_by=\"avia_inline_auto\" id=\"style-css-av-av_heading-40d8779302dd2f07c28764e42f661b22\">\n#top .av-special-heading.av-av_heading-40d8779302dd2f07c28764e42f661b22{\npadding-bottom:10px;\n}\nbody .av-special-heading.av-av_heading-40d8779302dd2f07c28764e42f661b22 .av-special-heading-tag .heading-char{\nfont-size:25px;\n}\n.av-special-heading.av-av_heading-40d8779302dd2f07c28764e42f661b22 .av-subheading{\nfont-size:12px;\n}\n<\/style>\n<div  class='av-special-heading av-av_heading-40d8779302dd2f07c28764e42f661b22 av-special-heading-h4 blockquote modern-quote  avia-builder-el-50  el_before_av_image  avia-builder-el-first '><h4 class='av-special-heading-tag'  itemprop=\"headline\"  >GAMME MONOSPACE<\/h4><div class='av-subheading av-subheading_below'><p>RENAULT GRAND SC\u00c9NIC OU \u00c9QUIVALENT<\/p>\n<\/div><div class=\"special-heading-border\"><div class=\"special-heading-inner-border\"><\/div><\/div><\/div><br \/>\n\n<style type=\"text\/css\" data-created_by=\"avia_inline_auto\" id=\"style-css-av-av_image-afd2665f96b70a41ff74375bf7996a87\">\n.avia-image-container.av-av_image-afd2665f96b70a41ff74375bf7996a87 img.avia_image{\nbox-shadow:none;\n}\n.avia-image-container.av-av_image-afd2665f96b70a41ff74375bf7996a87 .av-image-caption-overlay-center{\ncolor:#ffffff;\n}\n<\/style>\n<div  class='avia-image-container av-av_image-afd2665f96b70a41ff74375bf7996a87 av-styling- avia-align-center  avia-builder-el-51  el_after_av_heading  avia-builder-el-last '   itemprop=\"image\" itemscope=\"itemscope\" itemtype=\"https:\/\/schema.org\/ImageObject\" ><div class=\"avia-image-container-inner\"><div class=\"avia-image-overlay-wrap\"><img fetchpriority=\"high\" class='wp-image-3249 avia-img-lazy-loading-not-3249 avia_image ' src='https:\/\/lovauto.fr\/wp-content\/uploads\/2014\/05\/renault-scenic.png' alt='' title='renault-scenic'  height=\"250\" width=\"300\"  itemprop=\"thumbnailUrl\"  \/><\/div><\/div><\/div><\/p><\/div>\n\n<style type=\"text\/css\" data-created_by=\"avia_inline_auto\" id=\"style-css-av-av_two_third-2a64de42b738552fe666ca889af77e28\">\n.flex_column.av-av_two_third-2a64de42b738552fe666ca889af77e28{\nborder-radius:0px 0px 0px 0px;\npadding:0px 0px 0px 0px;\n}\n<\/style>\n<div  class='flex_column av-av_two_third-2a64de42b738552fe666ca889af77e28 av_two_third  avia-builder-el-52  el_after_av_one_third  el_before_av_hr  flex_column_div av-zero-column-padding  '     ><p><section  class='av_textblock_section av-av_textblock-5423793a0e82d2455362b4eba580b48d '   itemscope=\"itemscope\" itemtype=\"https:\/\/schema.org\/CreativeWork\" ><div class='avia_textblock'  itemprop=\"text\" ><p><strong>\u00c9nergie \u203a<\/strong> Essence ou Diesel<br \/>\n<strong>Nombre de places \u203a<\/strong> 7<br \/>\n<strong>Bo\u00eete de vitesse \u203a <\/strong>Manuelle ou Automatique<br \/>\n<strong>Climatisation \u203a<\/strong> Oui<\/p>\n<p><strong>Tarif journ\u00e9e \u203a<\/strong> 139,00 \u20ac TTC <em>(250 Kms inclus)<\/em><br \/>\n<strong>Tarif week-end \u203a<\/strong> 240,00 \u20ac TTC <em>(800 Kms inclus)<\/em><br \/>\n<div  class='avia-button-wrap av-av_button-138c87557f922d05f1f4f0361b0765fe-wrap avia-button-left  avia-builder-el-54  avia-builder-el-no-sibling '><a href='http:\/\/www.lovauto.fr\/nos-agences\/'  class='avia-button av-av_button-138c87557f922d05f1f4f0361b0765fe av-link-btn avia-icon_select-no avia-size-small avia-position-left avia-color-theme-color'  ><span class='avia_iconbox_title' >Reservez en agence<\/span><\/a><\/div><br \/>\n<code><\/code><\/p>\n<\/div><\/section><br \/>\n<div  class='avia-button-wrap av-av_button-c9e7b05373f4c046e840a84b4c93ceb5-wrap avia-button-left  avia-builder-el-55  el_after_av_textblock  avia-builder-el-last '>\n<style type=\"text\/css\" data-created_by=\"avia_inline_auto\" id=\"style-css-av-av_button-c9e7b05373f4c046e840a84b4c93ceb5\">\n#top #wrap_all .avia-button.av-av_button-c9e7b05373f4c046e840a84b4c93ceb5{\nbackground-color:#ffffff;\nborder-color:#ffffff;\ncolor:#444444;\ntransition:all 0.4s ease-in-out;\n}\n<\/style>\n<a href='https:\/\/lovauto.fr\/?page_id=21'  class='avia-button av-av_button-c9e7b05373f4c046e840a84b4c93ceb5 av-link-btn avia-icon_select-no avia-size-medium avia-position-left'  ><span class='avia_iconbox_title' >Demandez un devis<\/span><\/a><\/div><\/p><\/div>\n<div  class='hr av-av_hr-d3021aff4e2c88ff75459fd6b3a45a12 hr-default  avia-builder-el-56  el_after_av_two_third  el_before_av_one_third '><span class='hr-inner '><span class=\"hr-inner-style\"><\/span><\/span><\/div>\n<div  class='flex_column av-av_one_third-2a9015ff38129c418a3f2eafba3e9512 av_one_third  avia-builder-el-57  el_after_av_hr  el_before_av_two_third  first flex_column_div  '     ><p>\n<style type=\"text\/css\" data-created_by=\"avia_inline_auto\" id=\"style-css-av-av_heading-0ba06edd680d05128145f554c718dd18\">\n#top .av-special-heading.av-av_heading-0ba06edd680d05128145f554c718dd18{\npadding-bottom:10px;\n}\nbody .av-special-heading.av-av_heading-0ba06edd680d05128145f554c718dd18 .av-special-heading-tag .heading-char{\nfont-size:25px;\n}\n.av-special-heading.av-av_heading-0ba06edd680d05128145f554c718dd18 .av-subheading{\nfont-size:12px;\n}\n<\/style>\n<div  class='av-special-heading av-av_heading-0ba06edd680d05128145f554c718dd18 av-special-heading-h4 blockquote modern-quote  avia-builder-el-58  el_before_av_image  avia-builder-el-first '><h4 class='av-special-heading-tag'  itemprop=\"headline\"  >GAMME GRAND MONOSPACE<\/h4><div class='av-subheading av-subheading_below'><p>RENAULT ESPACE V OU \u00c9QUIVALENT<\/p>\n<\/div><div class=\"special-heading-border\"><div class=\"special-heading-inner-border\"><\/div><\/div><\/div><br \/>\n\n<style type=\"text\/css\" data-created_by=\"avia_inline_auto\" id=\"style-css-av-av_image-e3bc612b05572e887a3e81a6623a547b\">\n.avia-image-container.av-av_image-e3bc612b05572e887a3e81a6623a547b img.avia_image{\nbox-shadow:none;\n}\n.avia-image-container.av-av_image-e3bc612b05572e887a3e81a6623a547b .av-image-caption-overlay-center{\ncolor:#ffffff;\n}\n<\/style>\n<div  class='avia-image-container av-av_image-e3bc612b05572e887a3e81a6623a547b av-styling- avia-align-center  avia-builder-el-59  el_after_av_heading  avia-builder-el-last '   itemprop=\"image\" itemscope=\"itemscope\" itemtype=\"https:\/\/schema.org\/ImageObject\" ><div class=\"avia-image-container-inner\"><div class=\"avia-image-overlay-wrap\"><img fetchpriority=\"high\" class='wp-image-3347 avia-img-lazy-loading-not-3347 avia_image ' src='https:\/\/lovauto.fr\/wp-content\/uploads\/2017\/02\/Renault-EspaceV-300x250.png' alt='' title='Renault-EspaceV'  height=\"250\" width=\"300\"  itemprop=\"thumbnailUrl\"  \/><\/div><\/div><\/div><\/p><\/div>\n\n<style type=\"text\/css\" data-created_by=\"avia_inline_auto\" id=\"style-css-av-av_two_third-2a64de42b738552fe666ca889af77e28\">\n.flex_column.av-av_two_third-2a64de42b738552fe666ca889af77e28{\nborder-radius:0px 0px 0px 0px;\npadding:0px 0px 0px 0px;\n}\n<\/style>\n<div  class='flex_column av-av_two_third-2a64de42b738552fe666ca889af77e28 av_two_third  avia-builder-el-60  el_after_av_one_third  el_before_av_hr  flex_column_div av-zero-column-padding  '     ><p><section  class='av_textblock_section av-av_textblock-0366cc7376be6c9e82a3e9cc8987b64f '   itemscope=\"itemscope\" itemtype=\"https:\/\/schema.org\/CreativeWork\" ><div class='avia_textblock'  itemprop=\"text\" ><p><strong>\u00c9nergie \u203a<\/strong> Essence ou Diesel<br \/>\n<strong>Nombre de places \u203a<\/strong> 7<br \/>\n<strong>Bo\u00eete de vitesse \u203a <\/strong>Manuelle ou Automatique<br \/>\n<strong>Climatisation \u203a<\/strong> Oui<\/p>\n<p><strong>Tarif journ\u00e9e \u203a<\/strong> &#8211; \u20ac TTC <em>(250 Kms inclus)<\/em><br \/>\n<strong>Tarif week-end \u203a<\/strong> &#8211; \u20ac TTC <em>(800 Kms inclus)<\/em><br \/>\n<div  class='avia-button-wrap av-av_button-138c87557f922d05f1f4f0361b0765fe-wrap avia-button-left  avia-builder-el-62  avia-builder-el-no-sibling '><a href='http:\/\/www.lovauto.fr\/nos-agences\/'  class='avia-button av-av_button-138c87557f922d05f1f4f0361b0765fe av-link-btn avia-icon_select-no avia-size-small avia-position-left avia-color-theme-color'  ><span class='avia_iconbox_title' >Reservez en agence<\/span><\/a><\/div><br \/>\n<code><\/code><\/p>\n<\/div><\/section><br \/>\n<div  class='avia-button-wrap av-av_button-c9e7b05373f4c046e840a84b4c93ceb5-wrap avia-button-left  avia-builder-el-63  el_after_av_textblock  avia-builder-el-last '>\n<style type=\"text\/css\" data-created_by=\"avia_inline_auto\" id=\"style-css-av-av_button-c9e7b05373f4c046e840a84b4c93ceb5\">\n#top #wrap_all .avia-button.av-av_button-c9e7b05373f4c046e840a84b4c93ceb5{\nbackground-color:#ffffff;\nborder-color:#ffffff;\ncolor:#444444;\ntransition:all 0.4s ease-in-out;\n}\n<\/style>\n<a href='https:\/\/lovauto.fr\/?page_id=21'  class='avia-button av-av_button-c9e7b05373f4c046e840a84b4c93ceb5 av-link-btn avia-icon_select-no avia-size-medium avia-position-left'  ><span class='avia_iconbox_title' >Demandez un devis<\/span><\/a><\/div><\/p><\/div>\n<div  class='hr av-av_hr-d3021aff4e2c88ff75459fd6b3a45a12 hr-default  avia-builder-el-64  el_after_av_two_third  el_before_av_one_third '><span class='hr-inner '><span class=\"hr-inner-style\"><\/span><\/span><\/div>\n<div  class='flex_column av-av_one_third-2a9015ff38129c418a3f2eafba3e9512 av_one_third  avia-builder-el-65  el_after_av_hr  el_before_av_two_third  first flex_column_div  '     ><p>\n<style type=\"text\/css\" data-created_by=\"avia_inline_auto\" id=\"style-css-av-av_heading-88938128cb9c82a2098adb2086f33c00\">\n#top .av-special-heading.av-av_heading-88938128cb9c82a2098adb2086f33c00{\npadding-bottom:10px;\n}\nbody .av-special-heading.av-av_heading-88938128cb9c82a2098adb2086f33c00 .av-special-heading-tag .heading-char{\nfont-size:25px;\n}\n.av-special-heading.av-av_heading-88938128cb9c82a2098adb2086f33c00 .av-subheading{\nfont-size:12px;\n}\n<\/style>\n<div  class='av-special-heading av-av_heading-88938128cb9c82a2098adb2086f33c00 av-special-heading-h4 blockquote modern-quote  avia-builder-el-66  el_before_av_image  avia-builder-el-first '><h4 class='av-special-heading-tag'  itemprop=\"headline\"  >GAMME MINIBUS<\/h4><div class='av-subheading av-subheading_below'><p>RENAULT TRAFIC COMBI OU \u00c9QUIVALENT<\/p>\n<\/div><div class=\"special-heading-border\"><div class=\"special-heading-inner-border\"><\/div><\/div><\/div><br \/>\n\n<style type=\"text\/css\" data-created_by=\"avia_inline_auto\" id=\"style-css-av-av_image-98620bf25244e18851a9a96a8893eb78\">\n.avia-image-container.av-av_image-98620bf25244e18851a9a96a8893eb78 img.avia_image{\nbox-shadow:none;\n}\n.avia-image-container.av-av_image-98620bf25244e18851a9a96a8893eb78 .av-image-caption-overlay-center{\ncolor:#ffffff;\n}\n<\/style>\n<div  class='avia-image-container av-av_image-98620bf25244e18851a9a96a8893eb78 av-styling- avia-align-center  avia-builder-el-67  el_after_av_heading  avia-builder-el-last '   itemprop=\"image\" itemscope=\"itemscope\" itemtype=\"https:\/\/schema.org\/ImageObject\" ><div class=\"avia-image-container-inner\"><div class=\"avia-image-overlay-wrap\"><img fetchpriority=\"high\" class='wp-image-3348 avia-img-lazy-loading-not-3348 avia_image ' src='https:\/\/lovauto.fr\/wp-content\/uploads\/2017\/02\/Renault-Trafic-Minibus.png' alt='' title='Renault-Trafic-Minibus'  height=\"251\" width=\"301\"  itemprop=\"thumbnailUrl\"  \/><\/div><\/div><\/div><\/p><\/div>\n<style type=\"text\/css\" data-created_by=\"avia_inline_auto\" id=\"style-css-av-av_two_third-2a64de42b738552fe666ca889af77e28\">\n.flex_column.av-av_two_third-2a64de42b738552fe666ca889af77e28{\nborder-radius:0px 0px 0px 0px;\npadding:0px 0px 0px 0px;\n}\n<\/style>\n<div  class='flex_column av-av_two_third-2a64de42b738552fe666ca889af77e28 av_two_third  avia-builder-el-68  el_after_av_one_third  el_before_av_hr  flex_column_div av-zero-column-padding  '     ><p><section  class='av_textblock_section av-av_textblock-5423793a0e82d2455362b4eba580b48d '   itemscope=\"itemscope\" itemtype=\"https:\/\/schema.org\/CreativeWork\" ><div class='avia_textblock'  itemprop=\"text\" ><p><strong>\u00c9nergie \u203a<\/strong> Diesel<br \/>\n<strong>Nombre de places \u203a<\/strong> 9<br \/>\n<strong>Bo\u00eete de vitesse \u203a <\/strong>Manuelle<br \/>\n<strong>Climatisation \u203a<\/strong> Oui<\/p>\n<p><strong>Tarif journ\u00e9e \u203a<\/strong> 160,00 \u20ac TTC <em>(250 Kms inclus)<\/em><br \/>\n<strong>Tarif week-end \u203a<\/strong> 260,00 \u20ac TTC <em>(800 Kms inclus)<\/em><br \/>\n<div  class='avia-button-wrap av-av_button-138c87557f922d05f1f4f0361b0765fe-wrap avia-button-left  avia-builder-el-70  avia-builder-el-no-sibling '><a href='http:\/\/www.lovauto.fr\/nos-agences\/'  class='avia-button av-av_button-138c87557f922d05f1f4f0361b0765fe av-link-btn avia-icon_select-no avia-size-small avia-position-left avia-color-theme-color'  ><span class='avia_iconbox_title' >Reservez en agence<\/span><\/a><\/div><br \/>\n<code><\/code><\/p>\n<\/div><\/section><br \/>\n<div  class='avia-button-wrap av-av_button-c9e7b05373f4c046e840a84b4c93ceb5-wrap avia-button-left  avia-builder-el-71  el_after_av_textblock  avia-builder-el-last '>\n<style type=\"text\/css\" data-created_by=\"avia_inline_auto\" id=\"style-css-av-av_button-c9e7b05373f4c046e840a84b4c93ceb5\">\n#top #wrap_all .avia-button.av-av_button-c9e7b05373f4c046e840a84b4c93ceb5{\nbackground-color:#ffffff;\nborder-color:#ffffff;\ncolor:#444444;\ntransition:all 0.4s ease-in-out;\n}\n<\/style>\n<a href='https:\/\/lovauto.fr\/?page_id=21'  class='avia-button av-av_button-c9e7b05373f4c046e840a84b4c93ceb5 av-link-btn avia-icon_select-no avia-size-medium avia-position-left'  ><span class='avia_iconbox_title' >Demandez un devis<\/span><\/a><\/div><\/p><\/div><\/p>\n<div  class='hr av-av_hr-d3021aff4e2c88ff75459fd6b3a45a12 hr-default  avia-builder-el-72  el_after_av_two_third  el_before_av_one_third '><span class='hr-inner '><span class=\"hr-inner-style\"><\/span><\/span><\/div>\n<div  class='flex_column av-av_one_third-2a9015ff38129c418a3f2eafba3e9512 av_one_third  avia-builder-el-73  el_after_av_hr  el_before_av_two_third  first flex_column_div  '     ><p>\n<style type=\"text\/css\" data-created_by=\"avia_inline_auto\" id=\"style-css-av-av_heading-a8585b66212869a3e33f0f6fa4cc725e\">\n#top .av-special-heading.av-av_heading-a8585b66212869a3e33f0f6fa4cc725e{\npadding-bottom:10px;\n}\nbody .av-special-heading.av-av_heading-a8585b66212869a3e33f0f6fa4cc725e .av-special-heading-tag .heading-char{\nfont-size:25px;\n}\n.av-special-heading.av-av_heading-a8585b66212869a3e33f0f6fa4cc725e .av-subheading{\nfont-size:12px;\n}\n<\/style>\n<div  class='av-special-heading av-av_heading-a8585b66212869a3e33f0f6fa4cc725e av-special-heading-h4 blockquote modern-quote  avia-builder-el-74  el_before_av_image  avia-builder-el-first '><h4 class='av-special-heading-tag'  itemprop=\"headline\"  >GAMME PREMIUM COMPACTE<\/h4><div class='av-subheading av-subheading_below'><p>BMW SERIE 1 OU \u00c9QUIVALENT<\/p>\n<\/div><div class=\"special-heading-border\"><div class=\"special-heading-inner-border\"><\/div><\/div><\/div><br \/>\n\n<style type=\"text\/css\" data-created_by=\"avia_inline_auto\" id=\"style-css-av-av_image-77bdd855af877c8fb3aaf8a66a5a285e\">\n.avia-image-container.av-av_image-77bdd855af877c8fb3aaf8a66a5a285e img.avia_image{\nbox-shadow:none;\n}\n.avia-image-container.av-av_image-77bdd855af877c8fb3aaf8a66a5a285e .av-image-caption-overlay-center{\ncolor:#ffffff;\n}\n<\/style>\n<div  class='avia-image-container av-av_image-77bdd855af877c8fb3aaf8a66a5a285e av-styling- avia-align-center  avia-builder-el-75  el_after_av_heading  avia-builder-el-last '   itemprop=\"image\" itemscope=\"itemscope\" itemtype=\"https:\/\/schema.org\/ImageObject\" ><div class=\"avia-image-container-inner\"><div class=\"avia-image-overlay-wrap\"><img fetchpriority=\"high\" class='wp-image-3341 avia-img-lazy-loading-not-3341 avia_image ' src='https:\/\/lovauto.fr\/wp-content\/uploads\/2017\/02\/BMW-serie1-300x250.png' alt='' title='BMW-serie1'  height=\"250\" width=\"300\"  itemprop=\"thumbnailUrl\"  \/><\/div><\/div><\/div><\/p><\/div>\n\n<style type=\"text\/css\" data-created_by=\"avia_inline_auto\" id=\"style-css-av-av_two_third-2a64de42b738552fe666ca889af77e28\">\n.flex_column.av-av_two_third-2a64de42b738552fe666ca889af77e28{\nborder-radius:0px 0px 0px 0px;\npadding:0px 0px 0px 0px;\n}\n<\/style>\n<div  class='flex_column av-av_two_third-2a64de42b738552fe666ca889af77e28 av_two_third  avia-builder-el-76  el_after_av_one_third  el_before_av_hr  flex_column_div av-zero-column-padding  '     ><p><section  class='av_textblock_section av-av_textblock-0366cc7376be6c9e82a3e9cc8987b64f '   itemscope=\"itemscope\" itemtype=\"https:\/\/schema.org\/CreativeWork\" ><div class='avia_textblock'  itemprop=\"text\" ><p><strong>\u00c9nergie \u203a<\/strong> Essence ou Diesel<br \/>\n<strong>Nombre de places \u203a<\/strong> 5<br \/>\n<strong>Nombre de portes \u203a<\/strong> 3 \/ 5<br \/>\n<strong>Bo\u00eete de vitesse \u203a <\/strong>Manuelle ou Automatique<br \/>\n<strong>Climatisation \u203a<\/strong> Oui<\/p>\n<p><strong>Tarif journ\u00e9e \u203a<\/strong> &#8211; \u20ac TTC <em>(250 Kms inclus)<\/em><br \/>\n<strong>Tarif week-end \u203a<\/strong> &#8211; \u20ac TTC <em>(800 Kms inclus)<\/em><br \/>\n<div  class='avia-button-wrap av-av_button-138c87557f922d05f1f4f0361b0765fe-wrap avia-button-left  avia-builder-el-78  avia-builder-el-no-sibling '><a href='http:\/\/www.lovauto.fr\/nos-agences\/'  class='avia-button av-av_button-138c87557f922d05f1f4f0361b0765fe av-link-btn avia-icon_select-no avia-size-small avia-position-left avia-color-theme-color'  ><span class='avia_iconbox_title' >Reservez en agence<\/span><\/a><\/div><br \/>\n<code><\/code><\/p>\n<\/div><\/section><br \/>\n<div  class='avia-button-wrap av-av_button-c9e7b05373f4c046e840a84b4c93ceb5-wrap avia-button-left  avia-builder-el-79  el_after_av_textblock  avia-builder-el-last '>\n<style type=\"text\/css\" data-created_by=\"avia_inline_auto\" id=\"style-css-av-av_button-c9e7b05373f4c046e840a84b4c93ceb5\">\n#top #wrap_all .avia-button.av-av_button-c9e7b05373f4c046e840a84b4c93ceb5{\nbackground-color:#ffffff;\nborder-color:#ffffff;\ncolor:#444444;\ntransition:all 0.4s ease-in-out;\n}\n<\/style>\n<a href='https:\/\/lovauto.fr\/?page_id=21'  class='avia-button av-av_button-c9e7b05373f4c046e840a84b4c93ceb5 av-link-btn avia-icon_select-no avia-size-medium avia-position-left'  ><span class='avia_iconbox_title' >Demandez un devis<\/span><\/a><\/div><\/p><\/div>\n<div  class='hr av-av_hr-d3021aff4e2c88ff75459fd6b3a45a12 hr-default  avia-builder-el-80  el_after_av_two_third  el_before_av_one_third '><span class='hr-inner '><span class=\"hr-inner-style\"><\/span><\/span><\/div>\n<div  class='flex_column av-av_one_third-2a9015ff38129c418a3f2eafba3e9512 av_one_third  avia-builder-el-81  el_after_av_hr  el_before_av_two_third  first flex_column_div  '     ><p>\n<style type=\"text\/css\" data-created_by=\"avia_inline_auto\" id=\"style-css-av-av_heading-bbb64507ffed2acb0d2650522777268c\">\n#top .av-special-heading.av-av_heading-bbb64507ffed2acb0d2650522777268c{\npadding-bottom:10px;\n}\nbody .av-special-heading.av-av_heading-bbb64507ffed2acb0d2650522777268c .av-special-heading-tag .heading-char{\nfont-size:25px;\n}\n.av-special-heading.av-av_heading-bbb64507ffed2acb0d2650522777268c .av-subheading{\nfont-size:12px;\n}\n<\/style>\n<div  class='av-special-heading av-av_heading-bbb64507ffed2acb0d2650522777268c av-special-heading-h4 blockquote modern-quote  avia-builder-el-82  el_before_av_image  avia-builder-el-first '><h4 class='av-special-heading-tag'  itemprop=\"headline\"  >GAMME PREMIUM ROUTIERE<\/h4><div class='av-subheading av-subheading_below'><p>BMW SERIE 3 OU \u00c9QUIVALENT<\/p>\n<\/div><div class=\"special-heading-border\"><div class=\"special-heading-inner-border\"><\/div><\/div><\/div><br \/>\n\n<style type=\"text\/css\" data-created_by=\"avia_inline_auto\" id=\"style-css-av-av_image-9653d79df675f2080133e95a1a43e6b8\">\n.avia-image-container.av-av_image-9653d79df675f2080133e95a1a43e6b8 img.avia_image{\nbox-shadow:none;\n}\n.avia-image-container.av-av_image-9653d79df675f2080133e95a1a43e6b8 .av-image-caption-overlay-center{\ncolor:#ffffff;\n}\n<\/style>\n<div  class='avia-image-container av-av_image-9653d79df675f2080133e95a1a43e6b8 av-styling- avia-align-center  avia-builder-el-83  el_after_av_heading  avia-builder-el-last '   itemprop=\"image\" itemscope=\"itemscope\" itemtype=\"https:\/\/schema.org\/ImageObject\" ><div class=\"avia-image-container-inner\"><div class=\"avia-image-overlay-wrap\"><img fetchpriority=\"high\" class='wp-image-3342 avia-img-lazy-loading-not-3342 avia_image ' src='https:\/\/lovauto.fr\/wp-content\/uploads\/2017\/02\/BMW-Serie3-300x250.png' alt='' title='BMW-Serie3'  height=\"250\" width=\"300\"  itemprop=\"thumbnailUrl\"  \/><\/div><\/div><\/div><\/p><\/div>\n\n<style type=\"text\/css\" data-created_by=\"avia_inline_auto\" id=\"style-css-av-av_two_third-2a64de42b738552fe666ca889af77e28\">\n.flex_column.av-av_two_third-2a64de42b738552fe666ca889af77e28{\nborder-radius:0px 0px 0px 0px;\npadding:0px 0px 0px 0px;\n}\n<\/style>\n<div  class='flex_column av-av_two_third-2a64de42b738552fe666ca889af77e28 av_two_third  avia-builder-el-84  el_after_av_one_third  avia-builder-el-last  flex_column_div av-zero-column-padding  '     ><p><section  class='av_textblock_section av-av_textblock-0366cc7376be6c9e82a3e9cc8987b64f '   itemscope=\"itemscope\" itemtype=\"https:\/\/schema.org\/CreativeWork\" ><div class='avia_textblock'  itemprop=\"text\" ><p><strong>\u00c9nergie \u203a<\/strong> Essence ou Diesel<br \/>\n<strong>Nombre de places \u203a<\/strong> 5<br \/>\n<strong>Nombre de portes \u203a<\/strong> 4<br \/>\n<strong>Bo\u00eete de vitesse \u203a <\/strong>Manuelle ou Automatique<br \/>\n<strong>Climatisation \u203a<\/strong> Oui<\/p>\n<p><strong>Tarif journ\u00e9e \u203a<\/strong> &#8211; \u20ac TTC <em>(250 Kms inclus)<\/em><br \/>\n<strong>Tarif week-end \u203a<\/strong> &#8211; \u20ac TTC <em>(800 Kms inclus)<\/em><br \/>\n<div  class='avia-button-wrap av-av_button-138c87557f922d05f1f4f0361b0765fe-wrap avia-button-left  avia-builder-el-86  avia-builder-el-no-sibling '><a href='http:\/\/www.lovauto.fr\/nos-agences\/'  class='avia-button av-av_button-138c87557f922d05f1f4f0361b0765fe av-link-btn avia-icon_select-no avia-size-small avia-position-left avia-color-theme-color'  ><span class='avia_iconbox_title' >Reservez en agence<\/span><\/a><\/div><br \/>\n<code><\/code><\/p>\n<\/div><\/section><br \/>\n<div  class='avia-button-wrap av-av_button-c9e7b05373f4c046e840a84b4c93ceb5-wrap avia-button-left  avia-builder-el-87  el_after_av_textblock  avia-builder-el-last '>\n<style type=\"text\/css\" data-created_by=\"avia_inline_auto\" id=\"style-css-av-av_button-c9e7b05373f4c046e840a84b4c93ceb5\">\n#top #wrap_all .avia-button.av-av_button-c9e7b05373f4c046e840a84b4c93ceb5{\nbackground-color:#ffffff;\nborder-color:#ffffff;\ncolor:#444444;\ntransition:all 0.4s ease-in-out;\n}\n<\/style>\n<a href='https:\/\/lovauto.fr\/?page_id=21'  class='avia-button av-av_button-c9e7b05373f4c046e840a84b4c93ceb5 av-link-btn avia-icon_select-no avia-size-medium avia-position-left'  ><span class='avia_iconbox_title' >Demandez un devis<\/span><\/a><\/div><\/p><\/div>\n","protected":false},"excerpt":{"rendered":"","protected":false},"author":2,"featured_media":0,"parent":13,"menu_order":1,"comment_status":"open","ping_status":"open","template":"","meta":{"footnotes":""},"class_list":["post-30","page","type-page","status-publish","hentry"],"yoast_head":"<!-- This site is optimized with the Yoast SEO plugin v27.3 - https:\/\/yoast.com\/product\/yoast-seo-wordpress\/ -->\n<title>v\u00e9hicules tourisme<\/title>\n<meta name=\"description\" content=\"v\u00e9hicules tourisme Lovauto - D\u00e9couvrez la location v\u00e9hicules tourisme avec Lovauto et profitez de tarifs exceptionnels toute l&#039;ann\u00e9e.\" \/>\n<meta name=\"robots\" content=\"index, follow, max-snippet:-1, max-image-preview:large, max-video-preview:-1\" \/>\n<link rel=\"canonical\" href=\"https:\/\/lovauto.fr\/?page_id=30\" \/>\n<meta property=\"og:locale\" content=\"fr_FR\" \/>\n<meta property=\"og:type\" content=\"article\" \/>\n<meta property=\"og:title\" content=\"v\u00e9hicules tourisme\" \/>\n<meta property=\"og:description\" content=\"v\u00e9hicules tourisme Lovauto - D\u00e9couvrez la location v\u00e9hicules tourisme avec Lovauto et profitez de tarifs exceptionnels toute l&#039;ann\u00e9e.\" \/>\n<meta property=\"og:url\" content=\"https:\/\/lovauto.fr\/?page_id=30\" \/>\n<meta property=\"og:site_name\" content=\"lovauto\" \/>\n<meta property=\"article:modified_time\" content=\"2017-02-06T11:10:33+00:00\" \/>\n<meta name=\"twitter:label1\" content=\"Dur\u00e9e de lecture estim\u00e9e\" \/>\n\t<meta name=\"twitter:data1\" content=\"14 minutes\" \/>\n<script type=\"application\/ld+json\" class=\"yoast-schema-graph\">{\"@context\":\"https:\\\/\\\/schema.org\",\"@graph\":[{\"@type\":\"WebPage\",\"@id\":\"https:\\\/\\\/lovauto.fr\\\/?page_id=30\",\"url\":\"https:\\\/\\\/lovauto.fr\\\/?page_id=30\",\"name\":\"v\u00e9hicules tourisme\",\"isPartOf\":{\"@id\":\"https:\\\/\\\/lovauto.fr\\\/#website\"},\"datePublished\":\"2014-05-06T10:11:24+00:00\",\"dateModified\":\"2017-02-06T11:10:33+00:00\",\"description\":\"v\u00e9hicules tourisme Lovauto - D\u00e9couvrez la location v\u00e9hicules tourisme avec Lovauto et profitez de tarifs exceptionnels toute l'ann\u00e9e.\",\"breadcrumb\":{\"@id\":\"https:\\\/\\\/lovauto.fr\\\/?page_id=30#breadcrumb\"},\"inLanguage\":\"fr-FR\",\"potentialAction\":[{\"@type\":\"ReadAction\",\"target\":[\"https:\\\/\\\/lovauto.fr\\\/?page_id=30\"]}]},{\"@type\":\"BreadcrumbList\",\"@id\":\"https:\\\/\\\/lovauto.fr\\\/?page_id=30#breadcrumb\",\"itemListElement\":[{\"@type\":\"ListItem\",\"position\":1,\"name\":\"Accueil\",\"item\":\"https:\\\/\\\/lovauto.fr\\\/\"},{\"@type\":\"ListItem\",\"position\":2,\"name\":\"Nos v\u00e9hicules\",\"item\":\"https:\\\/\\\/lovauto.fr\\\/?page_id=13\"},{\"@type\":\"ListItem\",\"position\":3,\"name\":\"V\u00e9hicules tourisme\"}]},{\"@type\":\"WebSite\",\"@id\":\"https:\\\/\\\/lovauto.fr\\\/#website\",\"url\":\"https:\\\/\\\/lovauto.fr\\\/\",\"name\":\"lovauto\",\"description\":\"Location de v\u00e9hicules\",\"potentialAction\":[{\"@type\":\"SearchAction\",\"target\":{\"@type\":\"EntryPoint\",\"urlTemplate\":\"https:\\\/\\\/lovauto.fr\\\/?s={search_term_string}\"},\"query-input\":{\"@type\":\"PropertyValueSpecification\",\"valueRequired\":true,\"valueName\":\"search_term_string\"}}],\"inLanguage\":\"fr-FR\"}]}<\/script>\n<!-- \/ Yoast SEO plugin. -->","yoast_head_json":{"title":"v\u00e9hicules tourisme","description":"v\u00e9hicules tourisme Lovauto - D\u00e9couvrez la location v\u00e9hicules tourisme avec Lovauto et profitez de tarifs exceptionnels toute l'ann\u00e9e.","robots":{"index":"index","follow":"follow","max-snippet":"max-snippet:-1","max-image-preview":"max-image-preview:large","max-video-preview":"max-video-preview:-1"},"canonical":"https:\/\/lovauto.fr\/?page_id=30","og_locale":"fr_FR","og_type":"article","og_title":"v\u00e9hicules tourisme","og_description":"v\u00e9hicules tourisme Lovauto - D\u00e9couvrez la location v\u00e9hicules tourisme avec Lovauto et profitez de tarifs exceptionnels toute l'ann\u00e9e.","og_url":"https:\/\/lovauto.fr\/?page_id=30","og_site_name":"lovauto","article_modified_time":"2017-02-06T11:10:33+00:00","twitter_misc":{"Dur\u00e9e de lecture estim\u00e9e":"14 minutes"},"schema":{"@context":"https:\/\/schema.org","@graph":[{"@type":"WebPage","@id":"https:\/\/lovauto.fr\/?page_id=30","url":"https:\/\/lovauto.fr\/?page_id=30","name":"v\u00e9hicules tourisme","isPartOf":{"@id":"https:\/\/lovauto.fr\/#website"},"datePublished":"2014-05-06T10:11:24+00:00","dateModified":"2017-02-06T11:10:33+00:00","description":"v\u00e9hicules tourisme Lovauto - D\u00e9couvrez la location v\u00e9hicules tourisme avec Lovauto et profitez de tarifs exceptionnels toute l'ann\u00e9e.","breadcrumb":{"@id":"https:\/\/lovauto.fr\/?page_id=30#breadcrumb"},"inLanguage":"fr-FR","potentialAction":[{"@type":"ReadAction","target":["https:\/\/lovauto.fr\/?page_id=30"]}]},{"@type":"BreadcrumbList","@id":"https:\/\/lovauto.fr\/?page_id=30#breadcrumb","itemListElement":[{"@type":"ListItem","position":1,"name":"Accueil","item":"https:\/\/lovauto.fr\/"},{"@type":"ListItem","position":2,"name":"Nos v\u00e9hicules","item":"https:\/\/lovauto.fr\/?page_id=13"},{"@type":"ListItem","position":3,"name":"V\u00e9hicules tourisme"}]},{"@type":"WebSite","@id":"https:\/\/lovauto.fr\/#website","url":"https:\/\/lovauto.fr\/","name":"lovauto","description":"Location de v\u00e9hicules","potentialAction":[{"@type":"SearchAction","target":{"@type":"EntryPoint","urlTemplate":"https:\/\/lovauto.fr\/?s={search_term_string}"},"query-input":{"@type":"PropertyValueSpecification","valueRequired":true,"valueName":"search_term_string"}}],"inLanguage":"fr-FR"}]}},"_links":{"self":[{"href":"https:\/\/lovauto.fr\/index.php?rest_route=\/wp\/v2\/pages\/30","targetHints":{"allow":["GET"]}}],"collection":[{"href":"https:\/\/lovauto.fr\/index.php?rest_route=\/wp\/v2\/pages"}],"about":[{"href":"https:\/\/lovauto.fr\/index.php?rest_route=\/wp\/v2\/types\/page"}],"author":[{"embeddable":true,"href":"https:\/\/lovauto.fr\/index.php?rest_route=\/wp\/v2\/users\/2"}],"replies":[{"embeddable":true,"href":"https:\/\/lovauto.fr\/index.php?rest_route=%2Fwp%2Fv2%2Fcomments&post=30"}],"version-history":[{"count":124,"href":"https:\/\/lovauto.fr\/index.php?rest_route=\/wp\/v2\/pages\/30\/revisions"}],"predecessor-version":[{"id":3474,"href":"https:\/\/lovauto.fr\/index.php?rest_route=\/wp\/v2\/pages\/30\/revisions\/3474"}],"up":[{"embeddable":true,"href":"https:\/\/lovauto.fr\/index.php?rest_route=\/wp\/v2\/pages\/13"}],"wp:attachment":[{"href":"https:\/\/lovauto.fr\/index.php?rest_route=%2Fwp%2Fv2%2Fmedia&parent=30"}],"curies":[{"name":"wp","href":"https:\/\/api.w.org\/{rel}","templated":true}]}}